{"id":113,"date":"2016-01-16T22:27:31","date_gmt":"2016-01-17T03:27:31","guid":{"rendered":"http:\/\/mmff.wpengine.com\/?page_id=113"},"modified":"2026-01-31T12:20:14","modified_gmt":"2026-01-31T16:20:14","slug":"awards","status":"publish","type":"page","link":"https:\/\/www.fergussonfoundation.ca\/fr\/awards\/","title":{"rendered":"Prix FMMF"},"content":{"rendered":"<p><strong>La Fondation Fergusson lance un appel \u00e0 candidatures pour le prix FMMF 2026, qui r\u00e9compense les contributions exceptionnelles \u00e0 la pr\u00e9vention et \u00e0 l&rsquo;\u00e9limination de la violence familiale !<\/strong><\/p>\n<a href=\"http:\/\/www.fergussonfoundation.ca\/wp-content\/uploads\/2024\/11\/334099241_1256984518223677_7601199770479769445_n.jpg\"><img loading=\"lazy\" decoding=\"async\" class=\"size-medium wp-image-574 alignleft\" src=\"http:\/\/www.fergussonfoundation.ca\/wp-content\/uploads\/2024\/11\/334099241_1256984518223677_7601199770479769445_n-300x300.jpg\" alt=\"\" width=\"300\" height=\"300\" srcset=\"https:\/\/www.fergussonfoundation.ca\/wp-content\/uploads\/2024\/11\/334099241_1256984518223677_7601199770479769445_n-300x300.jpg 300w, https:\/\/www.fergussonfoundation.ca\/wp-content\/uploads\/2024\/11\/334099241_1256984518223677_7601199770479769445_n-1024x1024.jpg 1024w, https:\/\/www.fergussonfoundation.ca\/wp-content\/uploads\/2024\/11\/334099241_1256984518223677_7601199770479769445_n-150x150.jpg 150w, https:\/\/www.fergussonfoundation.ca\/wp-content\/uploads\/2024\/11\/334099241_1256984518223677_7601199770479769445_n-768x769.jpg 768w, https:\/\/www.fergussonfoundation.ca\/wp-content\/uploads\/2024\/11\/334099241_1256984518223677_7601199770479769445_n.jpg 1532w\" sizes=\"auto, (max-width: 300px) 100vw, 300px\" \/><\/a>\n<p>Toutes les nominations pour le Prix 2026 doivent \u00eatre re\u00e7ues avant le <strong>20 mars 2026.<\/strong><\/p>\n<p>Le prix sera remis lors de la c\u00e9r\u00e9monie de remise des prix 2026 de la Fondation.<\/p>\n<p>Pour soumettre une nomination, veuillez remplir le formulaire de nomination ci-dessous et l&rsquo;envoyer, accompagn\u00e9 de deux lettres de soutien, \u00e0 Rebecca Francis, directrice g\u00e9n\u00e9rale de la Fondation Fergusson, \u00e0 l&rsquo;adresse suivante : <a href=\"mailto:mmff@unb.ca\">mmff@unb.ca<\/a><\/p>\n<p class=\"p1\"><span class=\"s1\"><a href=\"http:\/\/mmff.wpengine.com\/wp-content\/uploads\/2016\/01\/Award-Nom-10-F.pdf\" target=\"_blank\" rel=\"noopener noreferrer\">Formulaire de d\u00e9voilement du prix de la FMMF<\/a><\/span><\/p>\n<p><strong>A propos de<\/strong><\/p>\n<p class=\"p1\"><span class=\"s1\">Le Prix de la Fondation Muriel McQueen Fergusson a \u00e9t\u00e9 cr\u00e9\u00e9 en 1992 afin de reconna\u00eetre les contributions exceptionnelles en mati\u00e8re de pr\u00e9vention et d\u2019\u00e9limination de la violence familiale au Canada. <\/span><\/p>\n<p class=\"p1\"><span class=\"s1\">Le Prix est d\u00e9cern\u00e9 \u00e0 une personne, un organisme, une entreprise, une soci\u00e9t\u00e9 ou un milieu de travail qui a fait un grand pas vers la pr\u00e9vention et l\u2019\u00e9limination de la violence familiale. Le prix est d\u00e9cern\u00e9 tous les ans au cours d\u2019un \u00e9v\u00e9nement public sp\u00e9cial de la Fondation visant \u00e0 comm\u00e9morer l\u2019anniversaire de naissance de la marraine de la Fondation, Muriel McQueen Fergusson.<\/span><\/p>\n<p>___________________________________________________________________________<\/p>\n<p class=\"p1\"><strong><span class=\"s1\">Crit\u00e8res<\/span><\/strong><\/p>\n<p class=\"p1\"><span class=\"s1\">Tout individu ou organisme canadien dont les r\u00e9alisations ont fait avancer la pr\u00e9vention et l\u2019\u00e9limination de la violence familiale sont admissibles aux nominations. Toutes les nominations doivent avoir le m\u00eame format que le formulaire de nomination ci-haut et <b>\u00eatre appuy\u00e9es par deux lettres de recommandation<\/b>.<\/span><\/p>\n<hr \/>\n<p class=\"p1\"><strong><span class=\"s1\">Processus de s\u00e9lection<\/span><\/strong><\/p>\n<p class=\"p1\"><span class=\"s1\">Le laur\u00e9at du prix est choisi par un comit\u00e9 de repr\u00e9sentants du conseil d\u2019administration de la Fondation selon les renseignements pr\u00e9sent\u00e9s par le proposant. La Fondation Fergusson se r\u00e9serve le droit de v\u00e9rifier l\u2019exactitude des renseignements que contient la demande. Les candidats qui n\u2019ont pas \u00e9t\u00e9 s\u00e9lectionn\u00e9s la premi\u00e8re ann\u00e9e sont retenus et admissibles au prix pour les deux ann\u00e9es subs\u00e9quentes.<\/span><\/p>\n<hr \/>\n<p class=\"p1\"><strong><span class=\"s1\">Au sujet du prix<a href=\"http:\/\/mmff.wpengine.com\/wp-content\/uploads\/2016\/01\/PewterAward.jpg\"><img loading=\"lazy\" decoding=\"async\" class=\"size-medium wp-image-150 alignright\" src=\"http:\/\/mmff.wpengine.com\/wp-content\/uploads\/2016\/01\/PewterAward-300x200.jpg\" alt=\"PewterAward\" width=\"300\" height=\"200\" srcset=\"https:\/\/www.fergussonfoundation.ca\/wp-content\/uploads\/2016\/01\/PewterAward-300x200.jpg 300w, https:\/\/www.fergussonfoundation.ca\/wp-content\/uploads\/2016\/01\/PewterAward-768x512.jpg 768w, https:\/\/www.fergussonfoundation.ca\/wp-content\/uploads\/2016\/01\/PewterAward-1024x683.jpg 1024w\" sizes=\"auto, (max-width: 300px) 100vw, 300px\" \/><\/a><\/span><\/strong><\/p>\n<p class=\"p1\"><span class=\"s1\">Le prix par lui-m\u00eame a \u00e9t\u00e9 con\u00e7u et fabriqu\u00e9 par Carole Cronkite de Fredericton au Nouveau-Brunswick, premi\u00e8re femme artisane de l\u2019\u00e9tain au Canada. <\/span><\/p>\n<p class=\"p1\"><span class=\"s1\">Le prix est fait enti\u00e8rement \u00e0 la main avec des outils \u00e9l\u00e9mentaires. Des feuilles d\u2019\u00e9tain de diverses \u00e9paisseurs sont superpos\u00e9es afin de cr\u00e9er un effet tridimensionnel. Le logo en quatre dimensions est sculpt\u00e9 avec une d\u00e9licate scie de bijoutier, lim\u00e9, soud\u00e9, grav\u00e9 et bross\u00e9 pour devenir le prix tel qu\u2019on le conna\u00eet. <\/span><\/p>\n<p class=\"p1\"><span class=\"s1\">Le design du prix a pour but de repr\u00e9senter les multiples facettes de la violence. <\/span><\/p>\n<p class=\"p1\"><span class=\"s1\">De plus, la Fondation fera un don de 1\u00a0000 $ \u00e0 un organisme de charit\u00e9 enregistr\u00e9, choisi par le laur\u00e9at du prix, dont les objectifs font avancer les buts de la Fondation.<\/span><\/p>\n<hr \/>\n<figure id=\"attachment_151\" aria-describedby=\"caption-attachment-151\" style=\"width: 300px\" class=\"wp-caption alignright\"><a href=\"http:\/\/mmff.wpengine.com\/wp-content\/uploads\/2016\/01\/HONJRV.jpg\"><img loading=\"lazy\" decoding=\"async\" class=\"wp-image-151 size-medium\" src=\"http:\/\/mmff.wpengine.com\/wp-content\/uploads\/2016\/01\/HONJRV-300x200.jpg\" width=\"300\" height=\"200\" srcset=\"https:\/\/www.fergussonfoundation.ca\/wp-content\/uploads\/2016\/01\/HONJRV-300x200.jpg 300w, https:\/\/www.fergussonfoundation.ca\/wp-content\/uploads\/2016\/01\/HONJRV-768x512.jpg 768w, https:\/\/www.fergussonfoundation.ca\/wp-content\/uploads\/2016\/01\/HONJRV-1024x683.jpg 1024w\" sizes=\"auto, (max-width: 300px) 100vw, 300px\" \/><\/a><figcaption id=\"caption-attachment-151\" class=\"wp-caption-text\">L\u2019honorable Jocelyne Roy Vienneau, O.N.B., accueille la Fondation Fergusson et les invit\u00e9s \u00e0 la C\u00e9r\u00e9monie de remise de prix de la FMMF 2016 \u00e0 la R\u00e9sidence du Gouvernement<\/figcaption><\/figure>\n<p class=\"p1\"><strong><span class=\"s1\">Lieutenant-gouverneur du Nouveau-Brunswick et Prix de la Fondation Muriel McQueen Fergusson <\/span><\/strong><\/p>\n<p class=\"p1\">Membre fondatrice de la Fondation Fergusson et ex-lieutenante-gouverneure, Margaret Norrie McCain a contribu\u00e9 \u00e0 donner le ton \u00e0 la participation du bureau de la lieutenante-gouverneure \u00e0 soutenir sa qu\u00eate dans l\u2019\u00e9limination de la violence familiale. Pendant plusieurs ann\u00e9es, le Bureau du lieutenant-gouverneur a gracieusement permis \u00e0 la Fondation de tenir la c\u00e9r\u00e9monie de pr\u00e9sentation du prix \u00e0 la R\u00e9sidence du Gouvernement. D\u2019autres lieutenants-gouverneurs dont Marilyn Trenholme Counsell, Herm\u00e9n\u00e9gilde Chiasson, Graydon Nicholas et Jocelyne Roy-Vienneau ont continu\u00e9 dans la m\u00eame veine. En 2020 l\u2019honorable Brenda L. Murphy participe activement aux travaux de la Fondation en acceptant le r\u00f4le de marraine honoraire du Prix de la Fondation Muriel McQueen Fergusson.<\/p>\n<p class=\"p1\">La R\u00e9sidence du Gouvernement est la r\u00e9sidence officielle du lieutenant-gouverneur, laquelle est aussi ouverte au public; elle re\u00e7oit annuellement des milliers de visiteurs. Le prix est dor\u00e9navant expos\u00e9 \u00e0 la R\u00e9sidence du Gouvernement permettant ainsi \u00e0 des visiteurs du pays, \u00e0 des dignitaires, \u00e0 des monarques, \u00e0 des chefs d\u2019\u00c9tat, \u00e0 d\u2019innombrables visites organis\u00e9es d\u2019\u00e9coliers et de plusieurs autres de voir ces exemples de valeureux Canadiens, organisations et entreprises qui ont soutenu l\u2019\u00e9limination de la violence familiale.<\/p>\n<p class=\"p1\"><strong><span class=\"s1\">Anciens laur\u00e9ats<\/span><\/strong><\/p>\n<ul>\n<li class=\"p1\"><span class=\"s1\">1993 June Callwood<\/span><\/li>\n<li class=\"p1\"><span class=\"s1\">1994 Le D<span style=\"font-size: 13.3333px; line-height: 20px;\">r<\/span><\/span><span class=\"s1\">\u00a0Peter Jaffee<\/span><\/li>\n<li class=\"p1\"><span class=\"s1\">1995 Margaret Norrie McCain<\/span><\/li>\n<li class=\"p1\"><span class=\"s1\">1996 S\u0153ur C\u00e9cile Renault (hommage posthume)<\/span><\/li>\n<li class=\"p1\"><span class=\"s1\">1997 Le D<span style=\"font-size: 13.3333px; line-height: 20px;\">r<\/span><\/span><span class=\"s1\">\u00a0Donald G. Dutton<\/span><\/li>\n<li class=\"p1\"><span class=\"s1\">1998 \u00ab\u00a0Making Waves\u00a0\u00bb<\/span><\/li>\n<li class=\"p1\"><span class=\"s1\">1999 The Body Shop Canada<\/span><\/li>\n<li class=\"p1\"><span class=\"s1\">2000 Fredericton Sexual Assault Crisis Centre<\/span><\/li>\n<li class=\"p1\"><span class=\"s1\">2001 La D<span style=\"font-size: 13.3333px; line-height: 20px;\">re<\/span><\/span><span class=\"s1\">\u00a0Sandra Byers<\/span><\/li>\n<li class=\"p1\"><span class=\"s1\">2002 Rina Arseneault<\/span><\/li>\n<li class=\"p1\"><span class=\"s1\">2003 Red Cross RespectED<\/span><\/li>\n<li class=\"p1\"><span class=\"s1\">2004 Les s\u00e9natrices Sharon Carstairs et Margaret Newall<\/span><\/li>\n<li class=\"p1\"><span class=\"s1\">2005 Margaret-Ann Blaney<\/span><\/li>\n<li class=\"p1\"><span class=\"s1\">2006 Penny K. Ericson<\/span><\/li>\n<li class=\"p1\"><span class=\"s1\">2007 Madeleine Delaney-LeBlanc<\/span><\/li>\n<li class=\"p1\"><span class=\"s1\">2008 Bernard Richard<\/span><\/li>\n<li class=\"p1\"><span class=\"s1\">2009 Rona Brown<\/span><\/li>\n<li class=\"p1\"><span class=\"s1\">2010 Native Women\u2019s Association of Canada<\/span><\/li>\n<li class=\"p1\"><span class=\"s1\">2011 White Ribbon Campaign<\/span><\/li>\n<li class=\"p1\"><span class=\"s1\">2012 Ghosts of Violence<\/span><\/li>\n<li class=\"p1\"><span class=\"s1\">2013 La D<span style=\"font-size: 13.3333px; line-height: 20px;\">re<\/span><\/span><span class=\"s1\">\u00a0Nancy Nason-Clark<\/span><\/li>\n<li class=\"p1\"><span class=\"s1\">2014 Sigrid Rolfe et le D<\/span><span class=\"s2\"><sup>r<\/sup><\/span><span class=\"s1\"> Philip Smith<\/span><\/li>\n<li class=\"p1\"><span class=\"s1\">2015 Family Enrichment and Counselling Service<\/span><\/li>\n<li class=\"p1\"><span class=\"s1\">2016 Julie Devon Dodd<\/span><\/li>\n<li>2017 C. Anne Crocker, C.M.<\/li>\n<li>2018 Maryse Rinfert-Raynor<\/li>\n<li>2019 Dr. Judith Wuest<\/li>\n<li>2021 <span class=\"s1\">La D<span style=\"font-size: 13.3333px; line-height: 20px;\">re<\/span><\/span> Linda C. Neilson<\/li>\n<li>2022 La Dre Deborah Doherty<\/li>\n<li>2023 Debrah Westerburg<\/li>\n<li>2024 La Dre Lyne Chantal Boudreau<\/li>\n<li>2025 La Dre Kelly Scott-Storey<\/li>\n<\/ul>\n<p>_______________________________________________________________________<\/p>\n<p><strong>La Fondation Fergusson a eu l&rsquo;honneur de d\u00e9cerner le prix Muriel McQueen Fergusson \u00e0 la Dre Kelly Scott-Storey, 32e laur\u00e9ate de ce prix.<\/strong><\/p>\n<p><strong><a href=\"http:\/\/www.fergussonfoundation.ca\/wp-content\/uploads\/2025\/11\/thumbnail_FF_FVPM_2025_EN_FR.png\"><img loading=\"lazy\" decoding=\"async\" class=\"size-medium wp-image-591 alignleft\" src=\"http:\/\/www.fergussonfoundation.ca\/wp-content\/uploads\/2025\/11\/thumbnail_FF_FVPM_2025_EN_FR-300x300.png\" alt=\"\" width=\"300\" height=\"300\" srcset=\"https:\/\/www.fergussonfoundation.ca\/wp-content\/uploads\/2025\/11\/thumbnail_FF_FVPM_2025_EN_FR-300x300.png 300w, https:\/\/www.fergussonfoundation.ca\/wp-content\/uploads\/2025\/11\/thumbnail_FF_FVPM_2025_EN_FR-1024x1024.png 1024w, https:\/\/www.fergussonfoundation.ca\/wp-content\/uploads\/2025\/11\/thumbnail_FF_FVPM_2025_EN_FR-150x150.png 150w, https:\/\/www.fergussonfoundation.ca\/wp-content\/uploads\/2025\/11\/thumbnail_FF_FVPM_2025_EN_FR-768x768.png 768w, https:\/\/www.fergussonfoundation.ca\/wp-content\/uploads\/2025\/11\/thumbnail_FF_FVPM_2025_EN_FR.png 1080w\" sizes=\"auto, (max-width: 300px) 100vw, 300px\" \/><\/a>Le 27 novembre 2025 (Fredericton, N.-B.)<\/strong> \u2013 La Fondation Fergusson a remis le 32<sup>e<\/sup> Prix de la FMMF \u00e0 la D<sup>re<\/sup> Kelly Scott-Storey \u00e0 l\u2019occasion d\u2019une c\u00e9r\u00e9monie qui s\u2019est tenue \u00e0 la R\u00e9sidence du gouverneur.<\/p>\n<p>Ce prix a \u00e9t\u00e9 cr\u00e9\u00e9 en 1992 pour souligner les contributions exceptionnelles en mati\u00e8re de pr\u00e9vention et d\u2019\u00e9limination de la violence familiale au Canada. Il est remis chaque ann\u00e9e \u00e0 une personne, un groupe ou un organisme qui a beaucoup contribu\u00e9 \u00e0 l\u2019avancement de cette cause.<\/p>\n<p>La Fondation est heureuse de saluer le leadership et le d\u00e9vouement exemplaires dont a fait preuve la D<sup>re<\/sup> Scott-Storey envers la pr\u00e9vention et l\u2019\u00e9limination de la violence familiale.<\/p>\n<p>\u00ab<em>La Dre Scott-Storey est une chercheuse de renomm\u00e9e nationale dans le domaine de la violence entre partenaires intimes. Elle partage son \u00e9nergie, son engagement et sa passion en menant d&rsquo;importantes initiatives de recherche, en inspirant les autres et en d\u00e9veloppant des partenariats durables.<\/em><\/p>\n<p><em>Elle a re\u00e7u des financements importants et a obtenu de nombreuses distinctions prestigieuses, notamment la r\u00e9f\u00e9rence aux recherches de son \u00e9quipe \u00e0 l&rsquo;appui du projet de loi sur la strat\u00e9gie nationale de pr\u00e9vention de la violence conjugale.<\/em><\/p>\n<p><em>Elle a re\u00e7u de nombreux prix et est une excellente mentor pour ses \u00e9tudiants et ses coll\u00e8gues. Son engagement en faveur de la recherche sur la violence dans les secteurs universitaire, des services et public est remarquable et elle soutient fermement la communaut\u00e9<\/em>\u00bb a d\u00e9clar\u00e9 Shannon Wilson, pr\u00e9sidente du comit\u00e9 de s\u00e9lection des prix FMMF.<\/p>\n<p>La Dre Jay Michaud, pr\u00e9sidente de la Fondation Fergusson, a d\u00e9clar\u00e9 \u00ab<i>La Fondation Fergusson est fi\u00e8re de d\u00e9cerner le prix Muriel McQueen Fergusson de cette ann\u00e9e au Dr Kelly Scott-Storey. Ce prix r\u00e9compense les personnes dont le travail apporte des changements significatifs dans la vie des personnes touch\u00e9es par la violence familiale, une mission qui continue de guider toutes les actions de notre fondation. Les recherches du Dr Scott-Storey permettent de relier les connaissances \u00e0 l&rsquo;action, en impliquant et en soutenant les personnes touch\u00e9es par la violence familiale afin de b\u00e2tir des communaut\u00e9s plus s\u00fbres et plus saines<\/i>.\u00bb<\/p>\n<p>En acceptant le prix, la D<sup>re<\/sup> Kelly Scott-Storey\u00a0 a d\u00e9clar\u00e9 : \u00ab<em>Je suis tr\u00e8s \u00e9mue et honor\u00e9e d\u2019accepter cette distinction. En tant qu\u2019infirmi\u00e8re autoris\u00e9e et chercheuse en sant\u00e9, j&rsquo;ai eu le privil\u00e8ge d\u2019apprendre et de travailler aupr\u00e8s de survivants et de travailleurs de premi\u00e8re ligne. Ensemble, nous avons d\u00e9couvert de nouvelles connaissances et avons d\u00e9velopp\u00e9 des approches fond\u00e9es sur des \u00e9l\u00e9ments probants afin de soutenir les personnes victimes de violence entre partenaires intimes, dans l\u2019espoir de leur permettre de vive une vie plus s\u00fbre, plus saine et plus heureuse. Je tiens \u00e0 rendre hommage \u00e0 la r\u00e9silience des survivants et \u00e0 reconna\u00eetre la d\u00e9termination sans faille et les comp\u00e9tences des travailleurs de premi\u00e8re ligne qui inspirent ce travail jour apr\u00e8s jour. <\/em>\u00bb<\/p>\n<p>En l\u2019honneur des contributions de la D<sup>re<\/sup> Kelly Scott-Storey, la Fondation Fergusson fera un don au Liberty Lane et au Ksalsuti Wellness Resources.<\/p>\n<p>_______________________________________________________________________________<\/p>\n<p><strong>Biographie<\/strong><\/p>\n<p>La D<sup>re<\/sup> Kelly Scott-Storey est vice-pr\u00e9sidente associ\u00e9e, recherche, partenariats et innovation \u00e0 l\u2019Universit\u00e9 du <a href=\"http:\/\/www.fergussonfoundation.ca\/wp-content\/uploads\/2025\/11\/Dr.-Kelly-Scott-Storey-Photo.jpg\"><img loading=\"lazy\" decoding=\"async\" class=\"alignright size-medium wp-image-592\" src=\"http:\/\/www.fergussonfoundation.ca\/wp-content\/uploads\/2025\/11\/Dr.-Kelly-Scott-Storey-Photo-300x297.jpg\" alt=\"\" width=\"300\" height=\"297\" srcset=\"https:\/\/www.fergussonfoundation.ca\/wp-content\/uploads\/2025\/11\/Dr.-Kelly-Scott-Storey-Photo-300x297.jpg 300w, https:\/\/www.fergussonfoundation.ca\/wp-content\/uploads\/2025\/11\/Dr.-Kelly-Scott-Storey-Photo-1024x1014.jpg 1024w, https:\/\/www.fergussonfoundation.ca\/wp-content\/uploads\/2025\/11\/Dr.-Kelly-Scott-Storey-Photo-150x150.jpg 150w, https:\/\/www.fergussonfoundation.ca\/wp-content\/uploads\/2025\/11\/Dr.-Kelly-Scott-Storey-Photo-768x760.jpg 768w, https:\/\/www.fergussonfoundation.ca\/wp-content\/uploads\/2025\/11\/Dr.-Kelly-Scott-Storey-Photo.jpg 1200w\" sizes=\"auto, (max-width: 300px) 100vw, 300px\" \/><\/a>Nouveau-Brunswick ainsi que professeure titulaire \u00e0 la facult\u00e9 de sciences infirmi\u00e8res. Elle est une infirmi\u00e8re autoris\u00e9e et une chercheuse en sant\u00e9 de renomm\u00e9e internationale. Son travail d\u2019avant-garde a chang\u00e9 la fa\u00e7on dont la violence est comprise et trait\u00e9e dans les secteurs de la sant\u00e9. Ses premi\u00e8res recherches ont fait partie des premi\u00e8res \u00e0 d\u00e9montrer le lien entre la violence entre partenaires intimes (VPI) et les maladies cardiovasculaires et sont encore fr\u00e9quemment cit\u00e9es dans le monde entier.<\/p>\n<p>Cherchant \u00e0 combler les lacunes critiques dans le secteur de la violence, elle a particip\u00e9 \u00e0 red\u00e9finir la mani\u00e8re dont la violence est mesur\u00e9e par la recherche en sant\u00e9, cod\u00e9veloppant des outils novateurs tels que la mesure Cumulative Lifetime Violence Severity (CLVS) et le Composite Abuse Scale Revised\u2013Short Form (CASR-SF), largement utilis\u00e9 dans les sondages nationaux.<\/p>\n<p>Passionn\u00e9e par l&rsquo;\u00e9quit\u00e9 et la mise en pratique de la recherche, la D<sup>re<\/sup> Scott-Storey est \u00e0 la t\u00eate du programme iHeal, une intervention de promotion de la sant\u00e9 men\u00e9e par des infirmi\u00e8res \u00e0 l\u2019intention des femmes souffrant de VPI, et de l\u2019application iHeal (<a href=\"https:\/\/ihealapp.ca\/fr\/\">http:\/\/ihealapp.ca\/<\/a> ), une ressource bilingue innovante fond\u00e9e sur des \u00e9l\u00e9ments probants qui aide les femmes partout au Canada \u00e0 mener une vie plus s\u00fbre, plus saine et plus heureuse.<\/p>\n<p>Son leadership lui a permis d\u2019obtenir plus de dix millions de dollars de financement et de recevoir de prestigieuses distinctions, dont le titre de membre de l\u2019Acad\u00e9mie canadienne des sciences infirmi\u00e8res (2023), le prix pour l\u2019excellence en recherche de l\u2019UNB (2024) et le prix du m\u00e9rite pour la recherche de l\u2019Association des infirmi\u00e8res et infirmiers du Nouveau-Brunswick (2021). Les recherches de son \u00e9quipe ont m\u00eame \u00e9t\u00e9 \u00e9voqu\u00e9es au S\u00e9nat du Canada pour appuyer la Loi de Georgina.<\/p>\n<p>Durant sa carri\u00e8re, la D<sup>re<\/sup> Scott-Storey a \u00e9t\u00e9 guid\u00e9e et inspir\u00e9e par des mentors et des collaborateurs d\u2019exception, dont la D<sup>re<\/sup> Judy Wuest, la D<sup>re<\/sup> Marilyn Ford-Gilboe et la D<sup>re<\/sup> Colleen Varcoe qui, ensemble, ont transform\u00e9 la recherche sur la VPI au Canada. Elle continue de trouver l\u2019inspiration aupr\u00e8s de ses coll\u00e8gues de recherche, de la force et la r\u00e9silience des survivants et de la d\u00e9termination et des comp\u00e9tences des travailleurs de premi\u00e8re ligne, dont les contributions sont au c\u0153ur de changements importants.<\/p>\n<p>&nbsp;<\/p>","protected":false},"excerpt":{"rendered":"<p>La Fondation Fergusson lance un appel \u00e0 candidatures pour le prix FMMF 2026, qui r\u00e9compense les contributions exceptionnelles \u00e0 la pr\u00e9vention et \u00e0 l&rsquo;\u00e9limination de la violence familiale ! Toutes les nominations pour le Prix 2026 doivent \u00eatre re\u00e7ues avant le 20 mars 2026. Le prix sera remis lors de la c\u00e9r\u00e9monie de remise des&#8230;<\/p>\n","protected":false},"author":1,"featured_media":0,"parent":0,"menu_order":0,"comment_status":"closed","ping_status":"closed","template":"","meta":{"footnotes":""},"class_list":["post-113","page","type-page","status-publish","hentry"],"_links":{"self":[{"href":"https:\/\/www.fergussonfoundation.ca\/fr\/wp-json\/wp\/v2\/pages\/113","targetHints":{"allow":["GET"]}}],"collection":[{"href":"https:\/\/www.fergussonfoundation.ca\/fr\/wp-json\/wp\/v2\/pages"}],"about":[{"href":"https:\/\/www.fergussonfoundation.ca\/fr\/wp-json\/wp\/v2\/types\/page"}],"author":[{"embeddable":true,"href":"https:\/\/www.fergussonfoundation.ca\/fr\/wp-json\/wp\/v2\/users\/1"}],"replies":[{"embeddable":true,"href":"https:\/\/www.fergussonfoundation.ca\/fr\/wp-json\/wp\/v2\/comments?post=113"}],"version-history":[{"count":0,"href":"https:\/\/www.fergussonfoundation.ca\/fr\/wp-json\/wp\/v2\/pages\/113\/revisions"}],"wp:attachment":[{"href":"https:\/\/www.fergussonfoundation.ca\/fr\/wp-json\/wp\/v2\/media?parent=113"}],"curies":[{"name":"wp","href":"https:\/\/api.w.org\/{rel}","templated":true}]}}